{"id":6480,"date":"2017-01-15T15:09:41","date_gmt":"2017-01-15T15:09:41","guid":{"rendered":"https:\/\/www.profactor.at\/?page_id=6480\/"},"modified":"2022-05-05T13:04:50","modified_gmt":"2022-05-05T12:04:50","slug":"addit-2017","status":"publish","type":"page","link":"https:\/\/www.profactor.at\/en\/events\/addit-2020\/former-events-addit\/addit-2017\/","title":{"rendered":"Add+it 2017"},"content":{"rendered":"<div class=\"wpb-content-wrapper\"><p>[vc_row][vc_column width=&#8221;3\/4&#8243;][vc_column_text]<div class=\"overview-image-wrapper\"><div class=\"img\" style=\"background-image:url(https:\/\/www.profactor.at\/wp-content\/uploads\/2017\/01\/Addit-2017_Flyer_hompage_v22-neu.jpg);\"\/><\/div><div class=\"overview-caption\"><\/div><\/div>[\/vc_column_text][vc_column_text]<\/p>\n<div id=\"c4400\" class=\"csc-default\">\n<div id=\"c4400\" class=\"csc-default\">\n<div class=\"csc-textpic-text\">\n<h3>Add+it 2017<\/h3>\n<p><b>\u2026 the essential symposium for the Additive Manufacturing community<\/b><\/p>\n<p>From September 28th to 29th 2017, 130 internationally experts from industry and academic in the field of Additive Manufacturing met in Steyr, Museum Arbeitswelt\u00a0. The current state of research, highlights and trends were presented and discussed.<\/p>\n<\/div>\n<\/div>\n<\/div>\n<h2>Statements &#8211; Add+it 2017<\/h2>\n<div>\n<p><i>\u201c<\/i>The Add+IT 2017 was a professional organized conference and exhibition. The interesting mixture of scientific and industrial experts and presentations, respectively, ensured an overview on the latest developments in the AM-community. I enjoyed in special the networking possibilities in the accompanied exhibition and was able to socialize new contacts. I can highly recommend the Add+IT in the inspiring atmosphere of Steyr!\u201d\u00a0<strong>Dr. rer. nat. Volker Z\u00f6llmer, Fraunhofer IFAM<\/strong><\/p>\n<p>\u201eVery good symposium with interesting lectures and discussion partners. Simple, direct and uncomplicated combined with Austrian hospitality. A beautiful combination in Steyr.\u201d <strong>Karsten Schlichter, Elkem Silicones<\/strong><\/p>\n<p>&nbsp;<\/p>\n<\/div>\n<p>\u201cThe add+it provides an insight into the latest developments in additive manufacturing and brings together Austrian and international stakeholders. I would like to come back for interesting talks and the beautiful location. \u201d\u00a0<strong>Dr. Jochen Zimmer, Nanoscribe<\/strong>[\/vc_column_text][vc_column_text el_class=&#8221;overview-subpages&#8221;]<div class=\"row\">\n            <div class=\"col-md-6 subpage-item\">\n                <h4><a href=\"https:\/\/www.profactor.at\/en\/events\/addit-2020\/former-events-addit\/addit-2017\/registration-addit-2017\/\">Registration Add+it 2017<\/a><\/h4>\n                <a href=\"https:\/\/www.profactor.at\/en\/events\/addit-2020\/former-events-addit\/addit-2017\/registration-addit-2017\/\"><div class=\"img-wrapper\" style=\"background-image:url(https:\/\/www.profactor.at\/wp-content\/uploads\/2017\/01\/Addit-2017_Flyer_hompage_v22-neu.jpg);\"><\/div><\/a>\n                <div class=\"description-wrapper\"><\/div>\n            <\/div>\n        \n            <div class=\"col-md-6 subpage-item\">\n                <h4><a href=\"https:\/\/www.profactor.at\/en\/events\/addit-2020\/former-events-addit\/addit-2017\/speaker-addit-2017\/\">Speaker - Add+it 2017<\/a><\/h4>\n                <a href=\"https:\/\/www.profactor.at\/en\/events\/addit-2020\/former-events-addit\/addit-2017\/speaker-addit-2017\/\"><div class=\"img-wrapper\" style=\"background-image:url(https:\/\/www.profactor.at\/wp-content\/uploads\/2017\/02\/Program_addit_2017_v3.jpg);\"><\/div><\/a>\n                <div class=\"description-wrapper\">In 2017, the 3rd edition of the Add+it (Symposium on ADDitive Manufacturing and Innovative Technologies), focused on polymers, will take place on September 28 - 29, 2017, in Steyr, AT. Plenary speakers - Add+it 2017: \u00a0 Prof. Dr. Mirko Meboldt ETH Zurich Chair of Product Dev.&amp; Eng. Des ...<\/div>\n            <\/div>\n        \n            <div class=\"col-md-6 subpage-item\">\n                <h4><a href=\"https:\/\/www.profactor.at\/en\/events\/addit-2020\/former-events-addit\/addit-2017\/exhibition-and-partners\/\">Exhibition and Partners<\/a><\/h4>\n                <a href=\"https:\/\/www.profactor.at\/en\/events\/addit-2020\/former-events-addit\/addit-2017\/exhibition-and-partners\/\"><div class=\"img-wrapper\" style=\"background-image:url(https:\/\/www.profactor.at\/wp-content\/uploads\/2017\/02\/exhibiton_addit2.jpg);\"><\/div><\/a>\n                <div class=\"description-wrapper\">An important part of the Add+it is the industrial exhibition, where companies \u00a0will showcase their latest developments and products. Silber Partners - Exhibiton Add+it 2017 \u00a0 \u00a0 \u00a0 \u00a0 \u00a0 \u00a0 \u00a0 \u00a0 \u00a0 \u00a0 \u00a0 \u00a0 &nbsp; \u00a0 \u00a0 \u00a0 \u00a0 \u00a0 \u00a0 \u00a0 \u00a0 \u00a0 \u00a0 \u00a0 \u00a0 \u00a0\u00a0 &nbsp; \u00a0 \u00a0 \u00a0 \u00a0 \u00a0 \u00a0 \u00a0 \u00a0\u00a0 ...<\/div>\n            <\/div>\n        \n            <div class=\"col-md-6 subpage-item\">\n                <h4><a href=\"https:\/\/www.profactor.at\/en\/events\/addit-2020\/former-events-addit\/addit-2017\/program\/\">Program - Add+it 2017<\/a><\/h4>\n                <a href=\"https:\/\/www.profactor.at\/en\/events\/addit-2020\/former-events-addit\/addit-2017\/program\/\"><div class=\"img-wrapper\" style=\"background-image:url(https:\/\/www.profactor.at\/wp-content\/uploads\/2018\/01\/addit2017_v5_menu.jpg);\"><\/div><\/a>\n                <div class=\"description-wrapper\">In 2017, the 3rd edition of the Add+it (Symposium on ADDitive Manufacturing and Innovative Technologies), focused on polymers, will take place on September 28 - 29, 2017, in Steyr, AT. Symposium venue: Museum Arbeitswelt Wehrgrabengasse 7 4400 Steyr We are happy to welcome experts from ten ...<\/div>\n            <\/div>\n        \n            <div class=\"col-md-6 subpage-item\">\n                <h4><a href=\"https:\/\/www.profactor.at\/en\/events\/addit-2020\/former-events-addit\/addit-2017\/nextgen3d-lead-user-workshop\/\">NextGen3D Lead User Workshop<\/a><\/h4>\n                <a href=\"https:\/\/www.profactor.at\/en\/events\/addit-2020\/former-events-addit\/addit-2017\/nextgen3d-lead-user-workshop\/\"><div class=\"img-wrapper\" style=\"background-image:url(https:\/\/www.profactor.at\/wp-content\/uploads\/2016\/07\/additive.jpg);\"><\/div><\/a>\n                <div class=\"description-wrapper\">Das NextGen3D-Konsortium arbeitet an neuen Prozess- und Materialentwicklungen f\u00fcr industrielle Anwendungen. Ziel ist es, einen zuverl\u00e4ssigen, industriell relevanten Druck von Polypropylen zu erm\u00f6glichen! Sie interessieren sich f\u00fcr 3D Druck mit Polypropylen Sie wollen mehr \u00fcber die tec ...<\/div>\n            <\/div>\n        \n            <div class=\"col-md-6 subpage-item\">\n                <h4><a href=\"https:\/\/www.profactor.at\/en\/events\/addit-2020\/former-events-addit\/addit-2017\/organising-comittee\/\">Organising Comittee<\/a><\/h4>\n                <a href=\"https:\/\/www.profactor.at\/en\/events\/addit-2020\/former-events-addit\/addit-2017\/organising-comittee\/\"><div class=\"img-wrapper\" style=\"background-image:url(https:\/\/www.profactor.at\/wp-content\/uploads\/2017\/01\/major_jku_v2.jpg);\"><\/div><\/a>\n                <div class=\"description-wrapper\">If you want further information regarding the symposium or have any related questions please do not hesitate to contact us. &#x63;&#x6f;&#x6e;&#x74;&#x61;&#x63;&#x74;&#x40;<span class=\"oe_displaynone\">null<\/span>&#x61;&#x64;&#x64;&#x69;&#x74;&#x32;&#x30;&#x31;&#x37;&#x2e;&#x6f;&#x72;&#x67;\u00a0 &nbsp; Verena Musikar MSc PROFACTOR GmbH Im Stadtgut A2 | 4407 Steyr-Gleink | Austria Tel. +43(0)7252 885-101 Prof. Dr. Zoltan Major Johannes  ...<\/div>\n            <\/div>\n        \n            <div class=\"col-md-6 subpage-item\">\n                <h4><a href=\"https:\/\/www.profactor.at\/en\/events\/addit-2020\/former-events-addit\/addit-2017\/dimap-lead-user-workshop\/\">DIMAP Lead User Workshop<\/a><\/h4>\n                <a href=\"https:\/\/www.profactor.at\/en\/events\/addit-2020\/former-events-addit\/addit-2017\/dimap-lead-user-workshop\/\"><div class=\"img-wrapper\" style=\"background-image:url(https:\/\/www.profactor.at\/wp-content\/uploads\/2016\/09\/dimap_v2_web.jpg);\"><\/div><\/a>\n                <div class=\"description-wrapper\">The EC funded research project DIMAP shows a new additive manufacturing paradigm and opportunities enabled by inkjet based multi material 3D printing. First results in ink development of ceramic en-hanced, electrically conductive, high strength as well as temperature resistant and foamable ...<\/div>\n            <\/div>\n        \n            <div class=\"col-md-6 subpage-item\">\n                <h4><a href=\"https:\/\/www.profactor.at\/en\/events\/addit-2020\/former-events-addit\/addit-2017\/travel-information\/\">Travel Information & Accommodation<\/a><\/h4>\n                <a href=\"https:\/\/www.profactor.at\/en\/events\/addit-2020\/former-events-addit\/addit-2017\/travel-information\/\"><div class=\"img-wrapper\" style=\"background-image:url(https:\/\/www.profactor.at\/wp-content\/uploads\/2017\/01\/MAW_190717-hires-@christof-zachl_cz22850_web.jpg);\"><\/div><\/a>\n                <div class=\"description-wrapper\">In the below map you can find of important event location. https:\/\/www.google.com\/maps\/d\/edit?mid=1JUvqoyGa6eMeQ-iWtD9vfzTlrCQ &nbsp; Accommodation Hotel arrangements: Please use this website to book your hotel in Steyr: http:\/\/www.business-steyr.at\/en\/service\/hotel-reservation\/add-it-2017 ...<\/div>\n            <\/div>\n        <\/div>[\/vc_column_text][vc_column_text]<\/p>\n<h2>Impressions 2017<\/h2>\n<p><img loading=\"lazy\" decoding=\"async\" class=\"alignnone wp-image-8179 size-medium\" src=\"https:\/\/www.profactor.at\/wp-content\/uploads\/2017\/01\/Addit2017_2-1-300x200.jpg\" alt=\"\" width=\"300\" height=\"200\" srcset=\"https:\/\/www.profactor.at\/wp-content\/uploads\/2017\/01\/Addit2017_2-1-300x200.jpg 300w, https:\/\/www.profactor.at\/wp-content\/uploads\/2017\/01\/Addit2017_2-1.jpg 576w\" sizes=\"auto, (max-width: 300px) 100vw, 300px\" \/>\u00a0 \u00a0 <img loading=\"lazy\" decoding=\"async\" class=\"alignnone size-medium wp-image-8085\" src=\"https:\/\/www.profactor.at\/wp-content\/uploads\/2017\/01\/Addit2017_9-300x200.jpg\" alt=\"\" width=\"300\" height=\"200\" srcset=\"https:\/\/www.profactor.at\/wp-content\/uploads\/2017\/01\/Addit2017_9-300x200.jpg 300w, https:\/\/www.profactor.at\/wp-content\/uploads\/2017\/01\/Addit2017_9-768x512.jpg 768w, https:\/\/www.profactor.at\/wp-content\/uploads\/2017\/01\/Addit2017_9-1024x682.jpg 1024w, https:\/\/www.profactor.at\/wp-content\/uploads\/2017\/01\/Addit2017_9.jpg 1282w\" sizes=\"auto, (max-width: 300px) 100vw, 300px\" \/>\u00a0\u00a0<img loading=\"lazy\" decoding=\"async\" class=\"alignnone size-medium wp-image-8075\" src=\"https:\/\/www.profactor.at\/wp-content\/uploads\/2017\/01\/Addit2017_4-300x200.jpg\" alt=\"\" width=\"300\" height=\"200\" srcset=\"https:\/\/www.profactor.at\/wp-content\/uploads\/2017\/01\/Addit2017_4-300x200.jpg 300w, https:\/\/www.profactor.at\/wp-content\/uploads\/2017\/01\/Addit2017_4-768x512.jpg 768w, https:\/\/www.profactor.at\/wp-content\/uploads\/2017\/01\/Addit2017_4.jpg 1000w\" sizes=\"auto, (max-width: 300px) 100vw, 300px\" \/><\/p>\n<p><img loading=\"lazy\" decoding=\"async\" class=\"alignnone wp-image-8167 size-medium\" src=\"https:\/\/www.profactor.at\/wp-content\/uploads\/2017\/01\/addit2017_24-300x200.jpg\" alt=\"\" width=\"300\" height=\"200\" srcset=\"https:\/\/www.profactor.at\/wp-content\/uploads\/2017\/01\/addit2017_24-300x200.jpg 300w, https:\/\/www.profactor.at\/wp-content\/uploads\/2017\/01\/addit2017_24.jpg 576w\" sizes=\"auto, (max-width: 300px) 100vw, 300px\" \/>\u00a0 \u00a0<img loading=\"lazy\" decoding=\"async\" class=\"alignnone wp-image-8159 size-medium\" src=\"https:\/\/www.profactor.at\/wp-content\/uploads\/2017\/01\/addit2017_20-300x200.jpg\" alt=\"\" width=\"300\" height=\"200\" srcset=\"https:\/\/www.profactor.at\/wp-content\/uploads\/2017\/01\/addit2017_20-300x200.jpg 300w, https:\/\/www.profactor.at\/wp-content\/uploads\/2017\/01\/addit2017_20.jpg 576w\" sizes=\"auto, (max-width: 300px) 100vw, 300px\" \/>\u00a0 \u00a0<img loading=\"lazy\" decoding=\"async\" class=\"alignnone wp-image-8101 size-medium\" src=\"https:\/\/www.profactor.at\/wp-content\/uploads\/2017\/01\/Addit2017_17-300x200.jpg\" alt=\"\" width=\"300\" height=\"200\" srcset=\"https:\/\/www.profactor.at\/wp-content\/uploads\/2017\/01\/Addit2017_17-300x200.jpg 300w, https:\/\/www.profactor.at\/wp-content\/uploads\/2017\/01\/Addit2017_17-768x512.jpg 768w, https:\/\/www.profactor.at\/wp-content\/uploads\/2017\/01\/Addit2017_17-1024x682.jpg 1024w, https:\/\/www.profactor.at\/wp-content\/uploads\/2017\/01\/Addit2017_17.jpg 1282w\" sizes=\"auto, (max-width: 300px) 100vw, 300px\" \/>\u00a0\u00a0 \u00a0<img loading=\"lazy\" decoding=\"async\" class=\"alignnone wp-image-8099 size-medium\" src=\"https:\/\/www.profactor.at\/wp-content\/uploads\/2017\/01\/Addit2017_16-300x200.jpg\" alt=\"\" width=\"300\" height=\"200\" srcset=\"https:\/\/www.profactor.at\/wp-content\/uploads\/2017\/01\/Addit2017_16-300x200.jpg 300w, https:\/\/www.profactor.at\/wp-content\/uploads\/2017\/01\/Addit2017_16-768x512.jpg 768w, https:\/\/www.profactor.at\/wp-content\/uploads\/2017\/01\/Addit2017_16-1024x682.jpg 1024w, https:\/\/www.profactor.at\/wp-content\/uploads\/2017\/01\/Addit2017_16.jpg 1282w\" sizes=\"auto, (max-width: 300px) 100vw, 300px\" \/>\u00a0\u00a0<img loading=\"lazy\" decoding=\"async\" class=\"alignnone wp-image-8097 size-medium\" src=\"https:\/\/www.profactor.at\/wp-content\/uploads\/2017\/01\/Addit2017_15-300x200.jpg\" alt=\"\" width=\"300\" height=\"200\" srcset=\"https:\/\/www.profactor.at\/wp-content\/uploads\/2017\/01\/Addit2017_15-300x200.jpg 300w, https:\/\/www.profactor.at\/wp-content\/uploads\/2017\/01\/Addit2017_15-768x512.jpg 768w, https:\/\/www.profactor.at\/wp-content\/uploads\/2017\/01\/Addit2017_15-1024x682.jpg 1024w, https:\/\/www.profactor.at\/wp-content\/uploads\/2017\/01\/Addit2017_15.jpg 1282w\" sizes=\"auto, (max-width: 300px) 100vw, 300px\" \/>\u00a0 \u00a0<img loading=\"lazy\" decoding=\"async\" class=\"alignnone size-medium wp-image-8087\" src=\"https:\/\/www.profactor.at\/wp-content\/uploads\/2017\/01\/Addit2017_10-300x200.jpg\" alt=\"\" width=\"300\" height=\"200\" srcset=\"https:\/\/www.profactor.at\/wp-content\/uploads\/2017\/01\/Addit2017_10-300x200.jpg 300w, https:\/\/www.profactor.at\/wp-content\/uploads\/2017\/01\/Addit2017_10-768x512.jpg 768w, https:\/\/www.profactor.at\/wp-content\/uploads\/2017\/01\/Addit2017_10-1024x682.jpg 1024w, https:\/\/www.profactor.at\/wp-content\/uploads\/2017\/01\/Addit2017_10.jpg 1282w\" sizes=\"auto, (max-width: 300px) 100vw, 300px\" \/>\u00a0<img loading=\"lazy\" decoding=\"async\" class=\"alignnone wp-image-8193 size-medium\" src=\"https:\/\/www.profactor.at\/wp-content\/uploads\/2017\/01\/addit2017_9-300x200.jpg\" alt=\"\" width=\"300\" height=\"200\" srcset=\"https:\/\/www.profactor.at\/wp-content\/uploads\/2017\/01\/addit2017_9-300x200.jpg 300w, https:\/\/www.profactor.at\/wp-content\/uploads\/2017\/01\/addit2017_9.jpg 576w\" sizes=\"auto, (max-width: 300px) 100vw, 300px\" \/>\u00a0 \u00a0<img loading=\"lazy\" decoding=\"async\" class=\"alignnone wp-image-8171 size-medium\" src=\"https:\/\/www.profactor.at\/wp-content\/uploads\/2017\/01\/addit2017_26-300x200.jpg\" alt=\"\" width=\"300\" height=\"200\" srcset=\"https:\/\/www.profactor.at\/wp-content\/uploads\/2017\/01\/addit2017_26-300x200.jpg 300w, https:\/\/www.profactor.at\/wp-content\/uploads\/2017\/01\/addit2017_26.jpg 576w\" sizes=\"auto, (max-width: 300px) 100vw, 300px\" \/>[\/vc_column_text][\/vc_column][vc_column width=&#8221;1\/4&#8243; el_class=&#8221;page-sidebar page-reference-sidebar&#8221;][vc_column_text el_class=&#8221;reference-person&#8221;]<\/p>\n<div class=\"reference\">\n<h4>Your Contact<\/h4>\n<p><strong>Office Management<\/strong><\/p>\n<p>+43 72 52 885 0<br \/>\n&#x6f;&#x66;&#x66;&#x69;&#x63;&#x65;&#x40;<span class=\"oe_displaynone\">null<\/span>&#x70;&#x72;&#x6f;&#x66;&#x61;&#x63;&#x74;&#x6f;&#x72;&#x2e;&#x61;&#x74;<\/p>\n<\/div>\n<p>[\/vc_column_text][vc_column_text el_class=&#8221;cta-area&#8221;]<\/p>\n<h3>We answer&#8230;<\/h3>\n<p><a class=\"btn cta\" href=\"mailto:&#x63;&#x6f;&#x6e;&#x74;&#x61;&#x63;&#x74;&#x40;&#x61;&#x64;&#x64;&#x69;&#x74;&#x32;&#x30;&#x31;&#x37;&#x2e;&#x6f;&#x72;&#x67;\">&#8230; your questions<\/a>[\/vc_column_text][vc_column_text el_class=&#8221;cta-area&#8221;]<a href=\"https:\/\/www.profactor.at\/en\/events\/addit-2020\/\">Add+it 2018<\/a><\/p>\n<p><a href=\"https:\/\/www.profactor.at\/en\/events\/addit-2020\/former-events-addit\/addit-2016\/\">Add+it 2016<\/a>[\/vc_column_text][\/vc_column][\/vc_row]<\/p>\n<div class=\"shariff shariff-align-flex-start shariff-widget-align-flex-start\"><ul class=\"shariff-buttons theme-round orientation-horizontal buttonsize-medium\"><li class=\"shariff-button linkedin shariff-nocustomcolor\" style=\"background-color:#1488bf\"><a href=\"https:\/\/www.linkedin.com\/sharing\/share-offsite\/?url=https%3A%2F%2Fwww.profactor.at%2Fen%2Fevents%2Faddit-2020%2Fformer-events-addit%2Faddit-2017%2F\" title=\"Bei LinkedIn teilen\" aria-label=\"Bei LinkedIn teilen\" role=\"button\" rel=\"noopener nofollow\" class=\"shariff-link\" style=\"; background-color:#0077b5; color:#fff\" target=\"_blank\"><span class=\"shariff-icon\" style=\"\"><svg width=\"32px\" height=\"20px\" xmlns=\"http:\/\/www.w3.org\/2000\/svg\" viewBox=\"0 0 27 32\"><path fill=\"#0077b5\" d=\"M6.2 11.2v17.7h-5.9v-17.7h5.9zM6.6 5.7q0 1.3-0.9 2.2t-2.4 0.9h0q-1.5 0-2.4-0.9t-0.9-2.2 0.9-2.2 2.4-0.9 2.4 0.9 0.9 2.2zM27.4 18.7v10.1h-5.9v-9.5q0-1.9-0.7-2.9t-2.3-1.1q-1.1 0-1.9 0.6t-1.2 1.5q-0.2 0.5-0.2 1.4v9.9h-5.9q0-7.1 0-11.6t0-5.3l0-0.9h5.9v2.6h0q0.4-0.6 0.7-1t1-0.9 1.6-0.8 2-0.3q3 0 4.9 2t1.9 6z\"\/><\/svg><\/span><\/a><\/li><\/ul><\/div><\/div>","protected":false},"excerpt":{"rendered":"<p>[vc_row][vc_column width=&#8221;3\/4&#8243;][vc_column_text][\/vc_column_text][vc_column_text] Add+it 2017 \u2026 the essential symposium for the Additive Manufacturing community From September 28th to 29th 2017, 130 internationally experts from industry and academic in the field of Additive Manufacturing met in Steyr, Museum Arbeitswelt\u00a0. The current state of research, highlights and trends were presented and discussed. Statements &#8211; Add+it 2017 \u201cThe Add+IT &hellip;<\/p>\n","protected":false},"author":1,"featured_media":6523,"parent":9682,"menu_order":10,"comment_status":"closed","ping_status":"closed","template":"","meta":{"footnotes":""},"categories":[49],"tags":[],"class_list":["post-6480","page","type-page","status-publish","has-post-thumbnail","hentry","category-events-en"],"_links":{"self":[{"href":"https:\/\/www.profactor.at\/en\/wp-json\/wp\/v2\/pages\/6480","targetHints":{"allow":["GET"]}}],"collection":[{"href":"https:\/\/www.profactor.at\/en\/wp-json\/wp\/v2\/pages"}],"about":[{"href":"https:\/\/www.profactor.at\/en\/wp-json\/wp\/v2\/types\/page"}],"author":[{"embeddable":true,"href":"https:\/\/www.profactor.at\/en\/wp-json\/wp\/v2\/users\/1"}],"replies":[{"embeddable":true,"href":"https:\/\/www.profactor.at\/en\/wp-json\/wp\/v2\/comments?post=6480"}],"version-history":[{"count":17,"href":"https:\/\/www.profactor.at\/en\/wp-json\/wp\/v2\/pages\/6480\/revisions"}],"predecessor-version":[{"id":15218,"href":"https:\/\/www.profactor.at\/en\/wp-json\/wp\/v2\/pages\/6480\/revisions\/15218"}],"up":[{"embeddable":true,"href":"https:\/\/www.profactor.at\/en\/wp-json\/wp\/v2\/pages\/9682"}],"wp:featuredmedia":[{"embeddable":true,"href":"https:\/\/www.profactor.at\/en\/wp-json\/wp\/v2\/media\/6523"}],"wp:attachment":[{"href":"https:\/\/www.profactor.at\/en\/wp-json\/wp\/v2\/media?parent=6480"}],"wp:term":[{"taxonomy":"category","embeddable":true,"href":"https:\/\/www.profactor.at\/en\/wp-json\/wp\/v2\/categories?post=6480"},{"taxonomy":"post_tag","embeddable":true,"href":"https:\/\/www.profactor.at\/en\/wp-json\/wp\/v2\/tags?post=6480"}],"curies":[{"name":"wp","href":"https:\/\/api.w.org\/{rel}","templated":true}]}}